{"articles":[{"classes":["outercol"],"isFavourite":false,"isExternalUrl":{"articleLink":false},"articleListButtonsData":{"buttonsList":[{"label":"Les mer","url":"\/IU\/?Article=913","type":"readmore"}],"mode":"default"},"favouriteType":null,"mnu":null,"section":null,"displayId":true,"docId":913,"identifier":"913Article","docType":"Article","customDate":false,"teaserData":{"teaserText":"","mode":"default"},"content":{"teaser":"","intro":"Det blir \u00e5rsm\u00f8te torsdag 9.februar kl. 18.00 til 21.00 i Kafeen M\u00f8rkvedhallen."},"titles":{"main":"\u00c5RSM\u00d8TEPAPIRER 2023","readMoreButton":"Les mer"},"urls":{"readMore":"\/IU\/?Article=913","booking":null},"created":{"date":"12.01.2023","time":"14:39","timestamp":1673530740},"introAllowHtml":false,"hasTicket":false,"extra":null,"hasReadMore":true,"media":{"imageData":{"path":"\/sites\/i\/iil.no\/files\/download.jpg","width":276,"height":155,"aspectRatio":1.7806451612903227},"previewImageUrl":"\/sites\/i\/iil.no\/files\/download.jpg?cropToFit=100x59&quality=50","imageVariants":[{"path":"\/sites\/i\/iil.no\/files\/download.jpg?cropToFit=100x59&quality=75","width":100,"height":59,"aspectRatio":1.694915254237288},{"path":"\/sites\/i\/iil.no\/files\/download.jpg?cropToFit=200x118&quality=75","width":200,"height":118,"aspectRatio":1.694915254237288},{"path":"\/sites\/i\/iil.no\/files\/download.jpg?cropToFit=400x235&quality=75","width":264,"height":155,"aspectRatio":1.7032258064516128},{"path":"\/sites\/i\/iil.no\/files\/download.jpg?cropToFit=600x353&quality=75","width":263,"height":155,"aspectRatio":1.696774193548387},{"path":"\/sites\/i\/iil.no\/files\/download.jpg?cropToFit=800x471&quality=75","width":263,"height":155,"aspectRatio":1.696774193548387},{"path":"\/sites\/i\/iil.no\/files\/download.jpg?cropToFit=1000x588&quality=75","width":264,"height":155,"aspectRatio":1.7032258064516128},{"path":"\/sites\/i\/iil.no\/files\/download.jpg?cropToFit=1200x706&quality=75","width":263,"height":155,"aspectRatio":1.696774193548387}],"image":"\/sites\/i\/iil.no\/files\/download.jpg","aspect":1.694915254237288,"type":"image","description":null},"additionalData":[]},{"classes":["outercol"],"isFavourite":false,"isExternalUrl":{"articleLink":false},"articleListButtonsData":{"buttonsList":[{"label":"Les mer","url":"\/IU\/?Article=1620","type":"readmore"}],"mode":"default"},"favouriteType":null,"mnu":null,"section":null,"displayId":true,"docId":1620,"identifier":"1620Article","docType":"Article","customDate":false,"teaserData":{"teaserText":"","mode":"default"},"content":{"teaser":"","intro":"Alle spillerne har signert"},"titles":{"main":"GI BUD P\u00c5 SIGNERT GLIMTTR\u00d8YE!","readMoreButton":"Les mer"},"urls":{"readMore":"\/IU\/?Article=1620","booking":null},"created":{"date":"21.05.2024","time":"12:28","timestamp":1716287280},"introAllowHtml":false,"hasTicket":false,"extra":null,"hasReadMore":true,"media":{"imageData":{"path":"\/sites\/i\/iil.no\/files\/2024\/05\/img_9211.jpg","width":3024,"height":4032,"aspectRatio":0.75},"previewImageUrl":"\/sites\/i\/iil.no\/files\/2024\/05\/img_9211.jpg?cropToFit=100x59&quality=50","imageVariants":[{"path":"\/sites\/i\/iil.no\/files\/2024\/05\/img_9211.jpg?cropToFit=100x59&quality=75","width":100,"height":59,"aspectRatio":1.694915254237288},{"path":"\/sites\/i\/iil.no\/files\/2024\/05\/img_9211.jpg?cropToFit=200x118&quality=75","width":200,"height":118,"aspectRatio":1.694915254237288},{"path":"\/sites\/i\/iil.no\/files\/2024\/05\/img_9211.jpg?cropToFit=400x235&quality=75","width":400,"height":235,"aspectRatio":1.702127659574468},{"path":"\/sites\/i\/iil.no\/files\/2024\/05\/img_9211.jpg?cropToFit=600x353&quality=75","width":600,"height":353,"aspectRatio":1.6997167138810199},{"path":"\/sites\/i\/iil.no\/files\/2024\/05\/img_9211.jpg?cropToFit=800x471&quality=75","width":800,"height":471,"aspectRatio":1.6985138004246285},{"path":"\/sites\/i\/iil.no\/files\/2024\/05\/img_9211.jpg?cropToFit=1000x588&quality=75","width":1000,"height":588,"aspectRatio":1.7006802721088434},{"path":"\/sites\/i\/iil.no\/files\/2024\/05\/img_9211.jpg?cropToFit=1200x706&quality=75","width":1200,"height":706,"aspectRatio":1.6997167138810199}],"image":"\/sites\/i\/iil.no\/files\/2024\/05\/img_9211.jpg","aspect":1.694915254237288,"type":"image","description":null},"additionalData":[]},{"classes":["outercol"],"isFavourite":false,"isExternalUrl":{"articleLink":false},"articleListButtonsData":{"buttonsList":[{"label":"Les mer","url":"\/IU\/?Article=1380","type":"readmore"}],"mode":"default"},"favouriteType":null,"mnu":null,"section":null,"displayId":true,"docId":1380,"identifier":"1380Article","docType":"Article","customDate":false,"teaserData":{"teaserText":"","mode":"default"},"content":{"teaser":"","intro":"Meld deg p\u00e5 TI gruppas julebord\r\n"},"titles":{"main":"Julebord 15.desember 2023","readMoreButton":"Les mer"},"urls":{"readMore":"\/IU\/?Article=1380","booking":null},"created":{"date":"30.11.2023","time":"14:16","timestamp":1701350160},"introAllowHtml":false,"hasTicket":false,"extra":null,"hasReadMore":true,"media":{"contexts":[],"previewImageUrl":"","imageVariants":[],"image":null,"aspect":null,"type":"image","description":""},"additionalData":[]},{"classes":["outercol"],"isFavourite":false,"isExternalUrl":{"articleLink":false},"articleListButtonsData":{"buttonsList":[{"label":"Les mer","url":"\/IU\/?Article=910","type":"readmore"}],"mode":"default"},"favouriteType":null,"mnu":null,"section":null,"displayId":true,"docId":910,"identifier":"910Article","docType":"Article","customDate":false,"teaserData":{"teaserText":"","mode":"default"},"content":{"teaser":"","intro":"10 og 11.juni inviterer vi til turnering i M\u00f8rkvedlia i idrettene fotball, sv\u00f8mming, boccia, teppecurling og fridrett-"},"titles":{"main":"INVITASJON SOMMERTURNERING 2023","readMoreButton":"Les mer"},"urls":{"readMore":"\/IU\/?Article=910","booking":null},"created":{"date":"12.01.2023","time":"10:18","timestamp":1673515080},"introAllowHtml":false,"hasTicket":false,"extra":null,"hasReadMore":true,"media":{"imageData":{"path":"\/sites\/i\/iil.no\/files\/teppecurl.jpg","width":2500,"height":1667,"aspectRatio":1.4997000599880024},"previewImageUrl":"\/sites\/i\/iil.no\/files\/teppecurl.jpg?cropToFit=100x59&quality=50","imageVariants":[{"path":"\/sites\/i\/iil.no\/files\/teppecurl.jpg?cropToFit=100x59&quality=75","width":100,"height":59,"aspectRatio":1.694915254237288},{"path":"\/sites\/i\/iil.no\/files\/teppecurl.jpg?cropToFit=200x118&quality=75","width":200,"height":118,"aspectRatio":1.694915254237288},{"path":"\/sites\/i\/iil.no\/files\/teppecurl.jpg?cropToFit=400x235&quality=75","width":400,"height":235,"aspectRatio":1.702127659574468},{"path":"\/sites\/i\/iil.no\/files\/teppecurl.jpg?cropToFit=600x353&quality=75","width":600,"height":353,"aspectRatio":1.6997167138810199},{"path":"\/sites\/i\/iil.no\/files\/teppecurl.jpg?cropToFit=800x471&quality=75","width":800,"height":471,"aspectRatio":1.6985138004246285},{"path":"\/sites\/i\/iil.no\/files\/teppecurl.jpg?cropToFit=1000x588&quality=75","width":1000,"height":588,"aspectRatio":1.7006802721088434},{"path":"\/sites\/i\/iil.no\/files\/teppecurl.jpg?cropToFit=1200x706&quality=75","width":1200,"height":706,"aspectRatio":1.6997167138810199}],"image":"\/sites\/i\/iil.no\/files\/teppecurl.jpg","aspect":1.694915254237288,"type":"image","description":null},"additionalData":[]},{"classes":["outercol"],"isFavourite":false,"isExternalUrl":{"articleLink":false},"articleListButtonsData":{"buttonsList":[{"label":"Les mer","url":"\/IU\/?Article=408","type":"readmore"}],"mode":"default"},"favouriteType":null,"mnu":null,"section":null,"displayId":true,"docId":408,"identifier":"408Article","docType":"Article","customDate":false,"teaserData":{"teaserText":"","mode":"default"},"content":{"teaser":"","intro":"Idrettsut\u00f8vere p\u00e5 tilrettelagt idrett inviteres til turnering 11.og 12.juni 2022"},"titles":{"main":"INVITASJON: INNSTRANDA IL'S SOMMERTURNERING ","readMoreButton":"Les mer"},"urls":{"readMore":"\/IU\/?Article=408","booking":null},"created":{"date":"15.11.2021","time":"10:21","timestamp":1636968060},"introAllowHtml":false,"hasTicket":false,"extra":null,"hasReadMore":true,"media":{"imageData":{"path":"\/sites\/i\/iil.no\/files\/img_5155.jpg","width":4272,"height":2848,"aspectRatio":1.5},"previewImageUrl":"\/sites\/i\/iil.no\/files\/img_5155.jpg?cropToFit=100x59&quality=50","imageVariants":[{"path":"\/sites\/i\/iil.no\/files\/img_5155.jpg?cropToFit=100x59&quality=75","width":100,"height":59,"aspectRatio":1.694915254237288},{"path":"\/sites\/i\/iil.no\/files\/img_5155.jpg?cropToFit=200x118&quality=75","width":200,"height":118,"aspectRatio":1.694915254237288},{"path":"\/sites\/i\/iil.no\/files\/img_5155.jpg?cropToFit=400x235&quality=75","width":400,"height":235,"aspectRatio":1.702127659574468},{"path":"\/sites\/i\/iil.no\/files\/img_5155.jpg?cropToFit=600x353&quality=75","width":600,"height":353,"aspectRatio":1.6997167138810199},{"path":"\/sites\/i\/iil.no\/files\/img_5155.jpg?cropToFit=800x471&quality=75","width":800,"height":471,"aspectRatio":1.6985138004246285},{"path":"\/sites\/i\/iil.no\/files\/img_5155.jpg?cropToFit=1000x588&quality=75","width":1000,"height":588,"aspectRatio":1.7006802721088434},{"path":"\/sites\/i\/iil.no\/files\/img_5155.jpg?cropToFit=1200x706&quality=75","width":1200,"height":706,"aspectRatio":1.6997167138810199}],"image":"\/sites\/i\/iil.no\/files\/img_5155.jpg","aspect":1.694915254237288,"type":"image","description":null},"additionalData":[]},{"classes":["outercol"],"isFavourite":false,"isExternalUrl":{"articleLink":false},"articleListButtonsData":{"buttonsList":[{"label":"Les mer","url":"\/IU\/?Article=190","type":"readmore"}],"mode":"default"},"favouriteType":null,"mnu":null,"section":null,"displayId":true,"docId":190,"identifier":"190Article","docType":"Article","customDate":false,"teaserData":{"teaserText":"","mode":"default"},"content":{"teaser":"","intro":"Idrettsut\u00f8vere med utviklingshemming inviteres med dette til Sommerturnering i friidrett, frisbee-golf, boccia og teppecurling. "},"titles":{"main":"IUs Sommerturneringa l\u00f8rdag. 15. juni 2019\u00a0","readMoreButton":"Les mer"},"urls":{"readMore":"\/IU\/?Article=190","booking":null},"created":{"date":"06.05.2019","time":"12:37","timestamp":1557139020},"introAllowHtml":false,"hasTicket":false,"extra":null,"hasReadMore":true,"media":{"imageData":{"path":"\/sites\/i\/iil.no\/files\/_dsc7357.jpg","width":2500,"height":1599,"aspectRatio":1.5634771732332708},"previewImageUrl":"\/sites\/i\/iil.no\/files\/_dsc7357.jpg?cropToFit=100x59&quality=50","imageVariants":[{"path":"\/sites\/i\/iil.no\/files\/_dsc7357.jpg?cropToFit=100x59&quality=75","width":100,"height":59,"aspectRatio":1.694915254237288},{"path":"\/sites\/i\/iil.no\/files\/_dsc7357.jpg?cropToFit=200x118&quality=75","width":200,"height":118,"aspectRatio":1.694915254237288},{"path":"\/sites\/i\/iil.no\/files\/_dsc7357.jpg?cropToFit=400x235&quality=75","width":400,"height":235,"aspectRatio":1.702127659574468},{"path":"\/sites\/i\/iil.no\/files\/_dsc7357.jpg?cropToFit=600x353&quality=75","width":600,"height":353,"aspectRatio":1.6997167138810199},{"path":"\/sites\/i\/iil.no\/files\/_dsc7357.jpg?cropToFit=800x471&quality=75","width":800,"height":471,"aspectRatio":1.6985138004246285},{"path":"\/sites\/i\/iil.no\/files\/_dsc7357.jpg?cropToFit=1000x588&quality=75","width":1000,"height":588,"aspectRatio":1.7006802721088434},{"path":"\/sites\/i\/iil.no\/files\/_dsc7357.jpg?cropToFit=1200x706&quality=75","width":1200,"height":706,"aspectRatio":1.6997167138810199}],"image":"\/sites\/i\/iil.no\/files\/_dsc7357.jpg","aspect":1.694915254237288,"type":"image","description":null},"additionalData":[]},{"classes":["outercol"],"isFavourite":false,"isExternalUrl":{"articleLink":false},"articleListButtonsData":{"buttonsList":[],"mode":"default"},"favouriteType":null,"mnu":null,"section":null,"displayId":true,"docId":146,"identifier":"146Article","docType":"Article","customDate":false,"teaserData":{"teaserText":"Bocciatrening","mode":"default"},"content":{"teaser":"Bocciatrening","intro":"Her er et bilde av gruppen som driver p\u00e5 med Bocciatrening p\u00e5 Saltvern skole. Trenere er Per Harald og Solveig."},"titles":{"main":"Boccia","readMoreButton":""},"urls":{"readMore":null,"booking":null},"created":{"date":"08.01.2019","time":"16:49","timestamp":1546962540},"introAllowHtml":false,"hasTicket":false,"extra":null,"hasReadMore":false,"media":{"imageData":{"path":"\/sites\/i\/iil.no\/files\/_dsc7357.jpg","width":2500,"height":1599,"aspectRatio":1.5634771732332708},"previewImageUrl":"\/sites\/i\/iil.no\/files\/_dsc7357.jpg?cropToFit=100x59&quality=50","imageVariants":[{"path":"\/sites\/i\/iil.no\/files\/_dsc7357.jpg?cropToFit=100x59&quality=75","width":100,"height":59,"aspectRatio":1.694915254237288},{"path":"\/sites\/i\/iil.no\/files\/_dsc7357.jpg?cropToFit=200x118&quality=75","width":200,"height":118,"aspectRatio":1.694915254237288},{"path":"\/sites\/i\/iil.no\/files\/_dsc7357.jpg?cropToFit=400x235&quality=75","width":400,"height":235,"aspectRatio":1.702127659574468},{"path":"\/sites\/i\/iil.no\/files\/_dsc7357.jpg?cropToFit=600x353&quality=75","width":600,"height":353,"aspectRatio":1.6997167138810199},{"path":"\/sites\/i\/iil.no\/files\/_dsc7357.jpg?cropToFit=800x471&quality=75","width":800,"height":471,"aspectRatio":1.6985138004246285},{"path":"\/sites\/i\/iil.no\/files\/_dsc7357.jpg?cropToFit=1000x588&quality=75","width":1000,"height":588,"aspectRatio":1.7006802721088434},{"path":"\/sites\/i\/iil.no\/files\/_dsc7357.jpg?cropToFit=1200x706&quality=75","width":1200,"height":706,"aspectRatio":1.6997167138810199}],"image":"\/sites\/i\/iil.no\/files\/_dsc7357.jpg","aspect":1.694915254237288,"type":"image","description":null},"additionalData":[]},{"classes":["outercol"],"isFavourite":false,"isExternalUrl":{"articleLink":false},"articleListButtonsData":{"buttonsList":[{"label":"Les mer","url":"\/IU\/?Article=70","type":"readmore"}],"mode":"default"},"favouriteType":null,"mnu":null,"section":null,"displayId":true,"docId":70,"identifier":"70Article","docType":"Article","customDate":false,"teaserData":{"teaserText":"Minibussen til IU","mode":"default"},"content":{"teaser":"Minibussen til IU","intro":"IU-gruppa har investert i en egen minibuss."},"titles":{"main":"Innstrandabuss","readMoreButton":"Les mer"},"urls":{"readMore":"\/IU\/?Article=70","booking":null},"created":{"date":"07.05.2018","time":"12:00","timestamp":1525687200},"introAllowHtml":false,"hasTicket":false,"extra":null,"hasReadMore":true,"media":{"imageData":{"path":"\/sites\/i\/iil.no\/files\/_dsc7362.jpg","width":2500,"height":1668,"aspectRatio":1.498800959232614},"previewImageUrl":"\/sites\/i\/iil.no\/files\/_dsc7362.jpg?cropToFit=100x59&quality=50","imageVariants":[{"path":"\/sites\/i\/iil.no\/files\/_dsc7362.jpg?cropToFit=100x59&quality=75","width":100,"height":59,"aspectRatio":1.694915254237288},{"path":"\/sites\/i\/iil.no\/files\/_dsc7362.jpg?cropToFit=200x118&quality=75","width":200,"height":118,"aspectRatio":1.694915254237288},{"path":"\/sites\/i\/iil.no\/files\/_dsc7362.jpg?cropToFit=400x235&quality=75","width":400,"height":235,"aspectRatio":1.702127659574468},{"path":"\/sites\/i\/iil.no\/files\/_dsc7362.jpg?cropToFit=600x353&quality=75","width":600,"height":353,"aspectRatio":1.6997167138810199},{"path":"\/sites\/i\/iil.no\/files\/_dsc7362.jpg?cropToFit=800x471&quality=75","width":800,"height":471,"aspectRatio":1.6985138004246285},{"path":"\/sites\/i\/iil.no\/files\/_dsc7362.jpg?cropToFit=1000x588&quality=75","width":1000,"height":588,"aspectRatio":1.7006802721088434},{"path":"\/sites\/i\/iil.no\/files\/_dsc7362.jpg?cropToFit=1200x706&quality=75","width":1200,"height":706,"aspectRatio":1.6997167138810199}],"image":"\/sites\/i\/iil.no\/files\/_dsc7362.jpg","aspect":1.694915254237288,"type":"image","description":null},"additionalData":[]},{"classes":["outercol"],"isFavourite":false,"isExternalUrl":{"articleLink":false},"articleListButtonsData":{"buttonsList":[{"label":"Les mer","url":"\/IU\/?Article=145","type":"readmore"}],"mode":"default"},"favouriteType":null,"mnu":null,"section":null,"displayId":true,"docId":145,"identifier":"145Article","docType":"Article","customDate":false,"teaserData":{"teaserText":"Barnas idrettsdag 2017","mode":"default"},"content":{"teaser":"Barnas idrettsdag 2017","intro":"Representanter for Milj\u00f8patruljen til Barnas idrettsdag i 2017. TAKK for innsatsen:-)"},"titles":{"main":"Milj\u00f8patruljen","readMoreButton":"Les mer"},"urls":{"readMore":"\/IU\/?Article=145","booking":null},"created":{"date":"08.01.2019","time":"16:34","timestamp":1546961640},"introAllowHtml":false,"hasTicket":false,"extra":null,"hasReadMore":true,"media":{"imageData":{"path":"\/sites\/i\/iil.no\/files\/keg_0366.jpg","width":2500,"height":1667,"aspectRatio":1.4997000599880024},"previewImageUrl":"\/sites\/i\/iil.no\/files\/keg_0366.jpg?cropToFit=100x59&quality=50","imageVariants":[{"path":"\/sites\/i\/iil.no\/files\/keg_0366.jpg?cropToFit=100x59&quality=75","width":100,"height":59,"aspectRatio":1.694915254237288},{"path":"\/sites\/i\/iil.no\/files\/keg_0366.jpg?cropToFit=200x118&quality=75","width":200,"height":118,"aspectRatio":1.694915254237288},{"path":"\/sites\/i\/iil.no\/files\/keg_0366.jpg?cropToFit=400x235&quality=75","width":400,"height":235,"aspectRatio":1.702127659574468},{"path":"\/sites\/i\/iil.no\/files\/keg_0366.jpg?cropToFit=600x353&quality=75","width":600,"height":353,"aspectRatio":1.6997167138810199},{"path":"\/sites\/i\/iil.no\/files\/keg_0366.jpg?cropToFit=800x471&quality=75","width":800,"height":471,"aspectRatio":1.6985138004246285},{"path":"\/sites\/i\/iil.no\/files\/keg_0366.jpg?cropToFit=1000x588&quality=75","width":1000,"height":588,"aspectRatio":1.7006802721088434},{"path":"\/sites\/i\/iil.no\/files\/keg_0366.jpg?cropToFit=1200x706&quality=75","width":1200,"height":706,"aspectRatio":1.6997167138810199}],"image":"\/sites\/i\/iil.no\/files\/keg_0366.jpg","aspect":1.694915254237288,"type":"image","description":null},"additionalData":[]},{"classes":["outercol"],"isFavourite":false,"isExternalUrl":{"articleLink":false},"articleListButtonsData":{"buttonsList":[{"label":"Les mer","url":"\/IU\/?Article=294","type":"readmore"}],"mode":"default"},"favouriteType":null,"mnu":null,"section":null,"displayId":true,"docId":294,"identifier":"294Article","docType":"Article","customDate":false,"teaserData":{"teaserText":"\u00c5RSM\u00d8TE INNSTRANDA FOTBALL","mode":"default"},"content":{"teaser":"\u00c5RSM\u00d8TE INNSTRANDA FOTBALL","intro":"KANTINA  (M\u00d8RKVEDHALLEN)  21. september 2020 -  Kl.19.00.\r\nVELKOMMEN"},"titles":{"main":"\u00c5RSM\u00d8TE FOR FOTBALLGRUPPEN 21 SEPTEMBER KL 19","readMoreButton":"Les mer"},"urls":{"readMore":"\/IU\/?Article=294","booking":null},"created":{"date":"11.09.2020","time":"07:49","timestamp":1599803340},"introAllowHtml":false,"hasTicket":false,"extra":null,"hasReadMore":true,"media":{"imageData":{"path":"\/sites\/i\/iil.no\/files\/images_2.jpg","width":346,"height":146,"aspectRatio":2.3698630136986303},"previewImageUrl":"\/sites\/i\/iil.no\/files\/images_2.jpg?cropToFit=100x59&quality=50","imageVariants":[{"path":"\/sites\/i\/iil.no\/files\/images_2.jpg?cropToFit=100x59&quality=75","width":100,"height":59,"aspectRatio":1.694915254237288},{"path":"\/sites\/i\/iil.no\/files\/images_2.jpg?cropToFit=200x118&quality=75","width":200,"height":118,"aspectRatio":1.694915254237288},{"path":"\/sites\/i\/iil.no\/files\/images_2.jpg?cropToFit=400x235&quality=75","width":249,"height":146,"aspectRatio":1.7054794520547945},{"path":"\/sites\/i\/iil.no\/files\/images_2.jpg?cropToFit=600x353&quality=75","width":248,"height":146,"aspectRatio":1.6986301369863013},{"path":"\/sites\/i\/iil.no\/files\/images_2.jpg?cropToFit=800x471&quality=75","width":248,"height":146,"aspectRatio":1.6986301369863013},{"path":"\/sites\/i\/iil.no\/files\/images_2.jpg?cropToFit=1000x588&quality=75","width":248,"height":146,"aspectRatio":1.6986301369863013},{"path":"\/sites\/i\/iil.no\/files\/images_2.jpg?cropToFit=1200x706&quality=75","width":248,"height":146,"aspectRatio":1.6986301369863013}],"image":"\/sites\/i\/iil.no\/files\/images_2.jpg","aspect":1.694915254237288,"type":"image","description":null},"additionalData":[]}],"pages":[1],"currentPage":1,"sections":[]}