{"articles":[{"classes":["outercol"],"isFavourite":false,"isExternalUrl":{"articleLink":false},"articleListButtonsData":{"buttonsList":[{"label":"Les mer","url":"\/FotballHerrer\/?Article=13363","type":"readmore"}],"mode":"default"},"favouriteType":null,"mnu":null,"section":null,"displayId":true,"docId":13363,"identifier":"13363Article","docType":"Article","customDate":false,"teaserData":{"teaserText":"","mode":"default"},"content":{"teaser":"","intro":"Best i Nordland"},"titles":{"main":"KLUBBENS FOTBALLSKOLE TIL TOPPS!!","readMoreButton":"Les mer"},"urls":{"readMore":"\/FotballHerrer\/?Article=13363","booking":null},"created":{"date":"23.02.2026","time":"14:52","timestamp":1771854720},"introAllowHtml":false,"hasTicket":false,"extra":null,"hasReadMore":true,"media":{"imageData":{"path":"\/sites\/i\/iil.no\/files\/2026\/02\/resized_20260222_145849_1_.jpg","width":668,"height":960,"aspectRatio":0.6958333333333333},"previewImageUrl":"\/sites\/i\/iil.no\/files\/2026\/02\/resized_20260222_145849_1_.jpg?cropToFit=100x59&quality=50","imageVariants":[{"path":"\/sites\/i\/iil.no\/files\/2026\/02\/resized_20260222_145849_1_.jpg?cropToFit=100x59&quality=75","width":100,"height":59,"aspectRatio":1.694915254237288},{"path":"\/sites\/i\/iil.no\/files\/2026\/02\/resized_20260222_145849_1_.jpg?cropToFit=200x118&quality=75","width":200,"height":118,"aspectRatio":1.694915254237288},{"path":"\/sites\/i\/iil.no\/files\/2026\/02\/resized_20260222_145849_1_.jpg?cropToFit=400x235&quality=75","width":400,"height":235,"aspectRatio":1.702127659574468},{"path":"\/sites\/i\/iil.no\/files\/2026\/02\/resized_20260222_145849_1_.jpg?cropToFit=600x353&quality=75","width":600,"height":353,"aspectRatio":1.6997167138810199},{"path":"\/sites\/i\/iil.no\/files\/2026\/02\/resized_20260222_145849_1_.jpg?cropToFit=800x471&quality=75","width":668,"height":393,"aspectRatio":1.6997455470737914},{"path":"\/sites\/i\/iil.no\/files\/2026\/02\/resized_20260222_145849_1_.jpg?cropToFit=1000x588&quality=75","width":668,"height":393,"aspectRatio":1.6997455470737914},{"path":"\/sites\/i\/iil.no\/files\/2026\/02\/resized_20260222_145849_1_.jpg?cropToFit=1200x706&quality=75","width":668,"height":393,"aspectRatio":1.6997455470737914}],"image":"\/sites\/i\/iil.no\/files\/2026\/02\/resized_20260222_145849_1_.jpg","aspect":1.694915254237288,"type":"image","description":null},"additionalData":[]},{"classes":["outercol"],"isFavourite":false,"isExternalUrl":{"articleLink":false},"articleListButtonsData":{"buttonsList":[{"label":"Les mer","url":"\/FotballHerrer\/?Article=13080","type":"readmore"},{"label":"Stem her","url":"https:\/\/norges-fotballforbund.campaign.playable.com\/nff-nordland","type":"booking"}],"mode":"default"},"favouriteType":null,"mnu":null,"section":null,"displayId":true,"docId":13080,"identifier":"13080Article","docType":"Article","customDate":false,"teaserData":{"teaserText":"","mode":"default"},"content":{"teaser":"","intro":"Bj\u00f8rn Fredrik Arntsen er nominert til \u00c5rets Grasrottrener av Innstranda idrettslag."},"titles":{"main":"Nominert til \u00e5rets Grasrottrener","readMoreButton":"Les mer"},"urls":{"readMore":"\/FotballHerrer\/?Article=13080","booking":"https:\/\/norges-fotballforbund.campaign.playable.com\/nff-nordland"},"created":{"date":"18.10.2025","time":"19:33","timestamp":1760808780},"introAllowHtml":false,"hasTicket":false,"extra":null,"hasReadMore":true,"media":{"imageData":{"path":"\/sites\/i\/iil.no\/files\/2025\/10\/img_0527.jpg","width":1440,"height":961,"aspectRatio":1.4984391259105099},"previewImageUrl":"\/sites\/i\/iil.no\/files\/2025\/10\/img_0527.jpg?cropToFit=100x59&quality=50","imageVariants":[{"path":"\/sites\/i\/iil.no\/files\/2025\/10\/img_0527.jpg?cropToFit=100x59&quality=75","width":100,"height":59,"aspectRatio":1.694915254237288},{"path":"\/sites\/i\/iil.no\/files\/2025\/10\/img_0527.jpg?cropToFit=200x118&quality=75","width":200,"height":118,"aspectRatio":1.694915254237288},{"path":"\/sites\/i\/iil.no\/files\/2025\/10\/img_0527.jpg?cropToFit=400x235&quality=75","width":400,"height":235,"aspectRatio":1.702127659574468},{"path":"\/sites\/i\/iil.no\/files\/2025\/10\/img_0527.jpg?cropToFit=600x353&quality=75","width":600,"height":353,"aspectRatio":1.6997167138810199},{"path":"\/sites\/i\/iil.no\/files\/2025\/10\/img_0527.jpg?cropToFit=800x471&quality=75","width":800,"height":471,"aspectRatio":1.6985138004246285},{"path":"\/sites\/i\/iil.no\/files\/2025\/10\/img_0527.jpg?cropToFit=1000x588&quality=75","width":1000,"height":588,"aspectRatio":1.7006802721088434},{"path":"\/sites\/i\/iil.no\/files\/2025\/10\/img_0527.jpg?cropToFit=1200x706&quality=75","width":1200,"height":706,"aspectRatio":1.6997167138810199}],"image":"\/sites\/i\/iil.no\/files\/2025\/10\/img_0527.jpg","aspect":1.694915254237288,"type":"image","description":"Nominert til \u00e5rets Grasrottrener"},"additionalData":[]},{"classes":["outercol"],"isFavourite":false,"isExternalUrl":{"articleLink":false},"articleListButtonsData":{"buttonsList":[{"label":"Les mer","url":"\/FotballHerrer\/?Article=472","type":"readmore"}],"mode":"default"},"favouriteType":null,"mnu":null,"section":null,"displayId":true,"docId":472,"identifier":"472Article","docType":"Article","customDate":false,"teaserData":{"teaserText":"","mode":"default"},"content":{"teaser":"","intro":"Vi jakter p\u00e5 flere spillere og \u00f8nsker \u00e5 komplimentere v\u00e5r A-lagstropp."},"titles":{"main":"INNSTRANDA IL HERRER S\u00d8KER FLERE SPILLERE!","readMoreButton":"Les mer"},"urls":{"readMore":"\/FotballHerrer\/?Article=472","booking":null},"created":{"date":"21.06.2022","time":"07:05","timestamp":1655787900},"introAllowHtml":false,"hasTicket":false,"extra":null,"hasReadMore":true,"media":{"imageData":{"path":"\/sites\/i\/iil.no\/files\/skjermbilde_2022-06-21_kl._07.04.55.png","width":1562,"height":910,"aspectRatio":1.7164835164835164},"previewImageUrl":"\/sites\/i\/iil.no\/files\/skjermbilde_2022-06-21_kl._07.04.55.png?cropToFit=100x59&quality=50","imageVariants":[{"path":"\/sites\/i\/iil.no\/files\/skjermbilde_2022-06-21_kl._07.04.55.png?cropToFit=100x59&quality=75","width":100,"height":59,"aspectRatio":1.694915254237288},{"path":"\/sites\/i\/iil.no\/files\/skjermbilde_2022-06-21_kl._07.04.55.png?cropToFit=200x118&quality=75","width":200,"height":118,"aspectRatio":1.694915254237288},{"path":"\/sites\/i\/iil.no\/files\/skjermbilde_2022-06-21_kl._07.04.55.png?cropToFit=400x235&quality=75","width":400,"height":235,"aspectRatio":1.702127659574468},{"path":"\/sites\/i\/iil.no\/files\/skjermbilde_2022-06-21_kl._07.04.55.png?cropToFit=600x353&quality=75","width":600,"height":353,"aspectRatio":1.6997167138810199},{"path":"\/sites\/i\/iil.no\/files\/skjermbilde_2022-06-21_kl._07.04.55.png?cropToFit=800x471&quality=75","width":800,"height":471,"aspectRatio":1.6985138004246285},{"path":"\/sites\/i\/iil.no\/files\/skjermbilde_2022-06-21_kl._07.04.55.png?cropToFit=1000x588&quality=75","width":1000,"height":588,"aspectRatio":1.7006802721088434},{"path":"\/sites\/i\/iil.no\/files\/skjermbilde_2022-06-21_kl._07.04.55.png?cropToFit=1200x706&quality=75","width":1200,"height":706,"aspectRatio":1.6997167138810199}],"image":"\/sites\/i\/iil.no\/files\/skjermbilde_2022-06-21_kl._07.04.55.png","aspect":1.694915254237288,"type":"image","description":null},"additionalData":[]},{"classes":["outercol"],"isFavourite":false,"isExternalUrl":{"articleLink":false},"articleListButtonsData":{"buttonsList":[{"label":"Les mer","url":"\/FotballHerrer\/?Article=424","type":"readmore"},{"label":"book n\u00e5","url":"https:\/\/l.facebook.com\/l.php?u=https%3A%2F%2Ftikkio.com%2Ftickets%2F27300-sesongkort-hjemmekamper-innstranda-fotball-herrer-2022%3Ffbclid%3DIwAR3VM5y4SQWSLuaXUrho5i8vrrVLo2JS4138N5dOsdilMs12cL5JvGcNRNY&h=AT3_q66GoGb672Cdhj41110OcCcJuvdMI2DIbmVjsNPqv3B6yvudBhaK_7L_eJDQjhzF1tQGBuW_NQTWzH3PcP5hKwg70OCk","type":"booking"}],"mode":"default"},"favouriteType":null,"mnu":null,"section":null,"displayId":true,"docId":424,"identifier":"424Article","docType":"Article","customDate":false,"teaserData":{"teaserText":"","mode":"default"},"content":{"teaser":"","intro":"Da kan du endelig f\u00e5 sikret deg sesongkort for alle IIL Herres hjemmekamper kommende sesong."},"titles":{"main":"SESONGKORT TIL IILS  HERRELAG I FOTBALL","readMoreButton":"Les mer"},"urls":{"readMore":"\/FotballHerrer\/?Article=424","booking":"https:\/\/l.facebook.com\/l.php?u=https%3A%2F%2Ftikkio.com%2Ftickets%2F27300-sesongkort-hjemmekamper-innstranda-fotball-herrer-2022%3Ffbclid%3DIwAR3VM5y4SQWSLuaXUrho5i8vrrVLo2JS4138N5dOsdilMs12cL5JvGcNRNY&h=AT3_q66GoGb672Cdhj41110OcCcJuvdMI2DIbmVjsNPqv3B6yvudBhaK_7L_eJDQjhzF1tQGBuW_NQTWzH3PcP5hKwg70OCk"},"created":{"date":"21.01.2022","time":"09:44","timestamp":1642754640},"introAllowHtml":false,"hasTicket":false,"extra":null,"hasReadMore":true,"media":{"imageData":{"path":"\/sites\/i\/iil.no\/files\/skjermbilde_2022-01-21_kl._07.39.26.png","width":412,"height":216,"aspectRatio":1.9074074074074074},"previewImageUrl":"\/sites\/i\/iil.no\/files\/skjermbilde_2022-01-21_kl._07.39.26.png?cropToFit=100x59&quality=50","imageVariants":[{"path":"\/sites\/i\/iil.no\/files\/skjermbilde_2022-01-21_kl._07.39.26.png?cropToFit=100x59&quality=75","width":100,"height":59,"aspectRatio":1.694915254237288},{"path":"\/sites\/i\/iil.no\/files\/skjermbilde_2022-01-21_kl._07.39.26.png?cropToFit=200x118&quality=75","width":200,"height":118,"aspectRatio":1.694915254237288},{"path":"\/sites\/i\/iil.no\/files\/skjermbilde_2022-01-21_kl._07.39.26.png?cropToFit=400x235&quality=75","width":368,"height":216,"aspectRatio":1.7037037037037037},{"path":"\/sites\/i\/iil.no\/files\/skjermbilde_2022-01-21_kl._07.39.26.png?cropToFit=600x353&quality=75","width":367,"height":216,"aspectRatio":1.6990740740740742},{"path":"\/sites\/i\/iil.no\/files\/skjermbilde_2022-01-21_kl._07.39.26.png?cropToFit=800x471&quality=75","width":367,"height":216,"aspectRatio":1.6990740740740742},{"path":"\/sites\/i\/iil.no\/files\/skjermbilde_2022-01-21_kl._07.39.26.png?cropToFit=1000x588&quality=75","width":367,"height":216,"aspectRatio":1.6990740740740742},{"path":"\/sites\/i\/iil.no\/files\/skjermbilde_2022-01-21_kl._07.39.26.png?cropToFit=1200x706&quality=75","width":367,"height":216,"aspectRatio":1.6990740740740742}],"image":"\/sites\/i\/iil.no\/files\/skjermbilde_2022-01-21_kl._07.39.26.png","aspect":1.694915254237288,"type":"image","description":null},"additionalData":[]},{"classes":["outercol"],"isFavourite":false,"isExternalUrl":{"articleLink":false},"articleListButtonsData":{"buttonsList":[{"label":"Les mer","url":"\/FotballHerrer\/?Article=425","type":"readmore"}],"mode":"default"},"favouriteType":null,"mnu":null,"section":null,"displayId":true,"docId":425,"identifier":"425Article","docType":"Article","customDate":false,"teaserData":{"teaserText":"Samarbeidspartnere 2022","mode":"default"},"content":{"teaser":"Samarbeidspartnere 2022","intro":""},"titles":{"main":"Fellini Pizza og Grill er med videre!","readMoreButton":"Les mer"},"urls":{"readMore":"\/FotballHerrer\/?Article=425","booking":null},"created":{"date":"21.01.2022","time":"09:54","timestamp":1642755240},"introAllowHtml":false,"hasTicket":false,"extra":null,"hasReadMore":true,"media":{"imageData":{"path":"\/sites\/i\/iil.no\/files\/fellini2.jpg","width":261,"height":200,"aspectRatio":1.305},"previewImageUrl":"\/sites\/i\/iil.no\/files\/fellini2.jpg?cropToFit=100x59&quality=50","imageVariants":[{"path":"\/sites\/i\/iil.no\/files\/fellini2.jpg?cropToFit=100x59&quality=75","width":100,"height":59,"aspectRatio":1.694915254237288},{"path":"\/sites\/i\/iil.no\/files\/fellini2.jpg?cropToFit=200x118&quality=75","width":200,"height":118,"aspectRatio":1.694915254237288},{"path":"\/sites\/i\/iil.no\/files\/fellini2.jpg?cropToFit=400x235&quality=75","width":261,"height":153,"aspectRatio":1.7058823529411764},{"path":"\/sites\/i\/iil.no\/files\/fellini2.jpg?cropToFit=600x353&quality=75","width":261,"height":154,"aspectRatio":1.6948051948051948},{"path":"\/sites\/i\/iil.no\/files\/fellini2.jpg?cropToFit=800x471&quality=75","width":261,"height":154,"aspectRatio":1.6948051948051948},{"path":"\/sites\/i\/iil.no\/files\/fellini2.jpg?cropToFit=1000x588&quality=75","width":261,"height":153,"aspectRatio":1.7058823529411764},{"path":"\/sites\/i\/iil.no\/files\/fellini2.jpg?cropToFit=1200x706&quality=75","width":261,"height":154,"aspectRatio":1.6948051948051948}],"image":"\/sites\/i\/iil.no\/files\/fellini2.jpg","aspect":1.694915254237288,"type":"image","description":null},"additionalData":[]},{"classes":["outercol"],"isFavourite":false,"isExternalUrl":{"articleLink":false},"articleListButtonsData":{"buttonsList":[{"label":"Les mer","url":"\/FotballHerrer\/?Article=423","type":"readmore"}],"mode":"default"},"favouriteType":null,"mnu":null,"section":null,"displayId":true,"docId":423,"identifier":"423Article","docType":"Article","customDate":false,"teaserData":{"teaserText":"","mode":"default"},"content":{"teaser":"","intro":"Kenneth Ramstad er ny markedsanavarlig for IIL Herrer"},"titles":{"main":"MARKEDSANSVARLIG 2022","readMoreButton":"Les mer"},"urls":{"readMore":"\/FotballHerrer\/?Article=423","booking":null},"created":{"date":"21.01.2022","time":"07:31","timestamp":1642746660},"introAllowHtml":false,"hasTicket":false,"extra":null,"hasReadMore":true,"media":{"imageData":{"path":"\/sites\/i\/iil.no\/files\/skjermbilde_2022-01-21_kl._07.34.31.png","width":1602,"height":704,"aspectRatio":2.2755681818181817},"previewImageUrl":"\/sites\/i\/iil.no\/files\/skjermbilde_2022-01-21_kl._07.34.31.png?cropToFit=100x59&quality=50","imageVariants":[{"path":"\/sites\/i\/iil.no\/files\/skjermbilde_2022-01-21_kl._07.34.31.png?cropToFit=100x59&quality=75","width":100,"height":59,"aspectRatio":1.694915254237288},{"path":"\/sites\/i\/iil.no\/files\/skjermbilde_2022-01-21_kl._07.34.31.png?cropToFit=200x118&quality=75","width":200,"height":118,"aspectRatio":1.694915254237288},{"path":"\/sites\/i\/iil.no\/files\/skjermbilde_2022-01-21_kl._07.34.31.png?cropToFit=400x235&quality=75","width":400,"height":235,"aspectRatio":1.702127659574468},{"path":"\/sites\/i\/iil.no\/files\/skjermbilde_2022-01-21_kl._07.34.31.png?cropToFit=600x353&quality=75","width":600,"height":353,"aspectRatio":1.6997167138810199},{"path":"\/sites\/i\/iil.no\/files\/skjermbilde_2022-01-21_kl._07.34.31.png?cropToFit=800x471&quality=75","width":800,"height":471,"aspectRatio":1.6985138004246285},{"path":"\/sites\/i\/iil.no\/files\/skjermbilde_2022-01-21_kl._07.34.31.png?cropToFit=1000x588&quality=75","width":1000,"height":588,"aspectRatio":1.7006802721088434},{"path":"\/sites\/i\/iil.no\/files\/skjermbilde_2022-01-21_kl._07.34.31.png?cropToFit=1200x706&quality=75","width":1197,"height":704,"aspectRatio":1.7002840909090908}],"image":"\/sites\/i\/iil.no\/files\/skjermbilde_2022-01-21_kl._07.34.31.png","aspect":1.694915254237288,"type":"image","description":null},"additionalData":[]},{"classes":["outercol"],"isFavourite":false,"isExternalUrl":{"articleLink":false},"articleListButtonsData":{"buttonsList":[{"label":"Les mer","url":"\/FotballHerrer\/?Article=413","type":"readmore"}],"mode":"default"},"favouriteType":null,"mnu":null,"section":null,"displayId":true,"docId":413,"identifier":"413Article","docType":"Article","customDate":false,"teaserData":{"teaserText":"Intervju","mode":"default"},"content":{"teaser":"Intervju","intro":""},"titles":{"main":"Spiller Adrian Gudvangen om \u00e5rets sesong og veien videre","readMoreButton":"Les mer"},"urls":{"readMore":"\/FotballHerrer\/?Article=413","booking":null},"created":{"date":"02.12.2021","time":"12:18","timestamp":1638443880},"introAllowHtml":false,"hasTicket":false,"extra":null,"hasReadMore":true,"media":{"imageData":{"path":"\/sites\/i\/iil.no\/files\/adraadrian_gudvangen.jpg","width":296,"height":206,"aspectRatio":1.4368932038834952},"previewImageUrl":"\/sites\/i\/iil.no\/files\/adraadrian_gudvangen.jpg?cropToFit=100x59&quality=50","imageVariants":[{"path":"\/sites\/i\/iil.no\/files\/adraadrian_gudvangen.jpg?cropToFit=100x59&quality=75","width":100,"height":59,"aspectRatio":1.694915254237288},{"path":"\/sites\/i\/iil.no\/files\/adraadrian_gudvangen.jpg?cropToFit=200x118&quality=75","width":200,"height":118,"aspectRatio":1.694915254237288},{"path":"\/sites\/i\/iil.no\/files\/adraadrian_gudvangen.jpg?cropToFit=400x235&quality=75","width":296,"height":174,"aspectRatio":1.7011494252873562},{"path":"\/sites\/i\/iil.no\/files\/adraadrian_gudvangen.jpg?cropToFit=600x353&quality=75","width":296,"height":174,"aspectRatio":1.7011494252873562},{"path":"\/sites\/i\/iil.no\/files\/adraadrian_gudvangen.jpg?cropToFit=800x471&quality=75","width":296,"height":174,"aspectRatio":1.7011494252873562},{"path":"\/sites\/i\/iil.no\/files\/adraadrian_gudvangen.jpg?cropToFit=1000x588&quality=75","width":296,"height":174,"aspectRatio":1.7011494252873562},{"path":"\/sites\/i\/iil.no\/files\/adraadrian_gudvangen.jpg?cropToFit=1200x706&quality=75","width":296,"height":174,"aspectRatio":1.7011494252873562}],"image":"\/sites\/i\/iil.no\/files\/adraadrian_gudvangen.jpg","aspect":1.694915254237288,"type":"image","description":null},"additionalData":[]},{"classes":["outercol"],"isFavourite":false,"isExternalUrl":{"articleLink":false},"articleListButtonsData":{"buttonsList":[{"label":"Les mer","url":"\/FotballHerrer\/?Article=412","type":"readmore"}],"mode":"default"},"favouriteType":null,"mnu":null,"section":null,"displayId":true,"docId":412,"identifier":"412Article","docType":"Article","customDate":false,"teaserData":{"teaserText":"","mode":"default"},"content":{"teaser":"","intro":""},"titles":{"main":"Intervju med styremedlem og oppmann Jacob Andersen","readMoreButton":"Les mer"},"urls":{"readMore":"\/FotballHerrer\/?Article=412","booking":null},"created":{"date":"02.12.2021","time":"10:03","timestamp":1638435780},"introAllowHtml":false,"hasTicket":false,"extra":null,"hasReadMore":true,"media":{"imageData":{"path":"\/sites\/i\/iil.no\/files\/jacob_andersen.jpg","width":828,"height":536,"aspectRatio":1.544776119402985},"previewImageUrl":"\/sites\/i\/iil.no\/files\/jacob_andersen.jpg?cropToFit=100x59&quality=50","imageVariants":[{"path":"\/sites\/i\/iil.no\/files\/jacob_andersen.jpg?cropToFit=100x59&quality=75","width":100,"height":59,"aspectRatio":1.694915254237288},{"path":"\/sites\/i\/iil.no\/files\/jacob_andersen.jpg?cropToFit=200x118&quality=75","width":200,"height":118,"aspectRatio":1.694915254237288},{"path":"\/sites\/i\/iil.no\/files\/jacob_andersen.jpg?cropToFit=400x235&quality=75","width":400,"height":235,"aspectRatio":1.702127659574468},{"path":"\/sites\/i\/iil.no\/files\/jacob_andersen.jpg?cropToFit=600x353&quality=75","width":600,"height":353,"aspectRatio":1.6997167138810199},{"path":"\/sites\/i\/iil.no\/files\/jacob_andersen.jpg?cropToFit=800x471&quality=75","width":800,"height":471,"aspectRatio":1.6985138004246285},{"path":"\/sites\/i\/iil.no\/files\/jacob_andersen.jpg?cropToFit=1000x588&quality=75","width":828,"height":487,"aspectRatio":1.700205338809035},{"path":"\/sites\/i\/iil.no\/files\/jacob_andersen.jpg?cropToFit=1200x706&quality=75","width":828,"height":487,"aspectRatio":1.700205338809035}],"image":"\/sites\/i\/iil.no\/files\/jacob_andersen.jpg","aspect":1.694915254237288,"type":"image","description":null},"additionalData":[]},{"classes":["outercol"],"isFavourite":false,"isExternalUrl":{"articleLink":false},"articleListButtonsData":{"buttonsList":[{"label":"Les mer","url":"\/FotballHerrer\/?Article=411","type":"readmore"}],"mode":"default"},"favouriteType":null,"mnu":null,"section":null,"displayId":true,"docId":411,"identifier":"411Article","docType":"Article","customDate":false,"teaserData":{"teaserText":"","mode":"default"},"content":{"teaser":"","intro":""},"titles":{"main":"Takk til \u00e5rets samarbeidspartnere!","readMoreButton":"Les mer"},"urls":{"readMore":"\/FotballHerrer\/?Article=411","booking":null},"created":{"date":"30.11.2021","time":"12:45","timestamp":1638272700},"introAllowHtml":false,"hasTicket":false,"extra":null,"hasReadMore":true,"media":{"imageData":{"path":"\/sites\/i\/iil.no\/files\/269834670_4793020907422395_4352164145101913365_n.jpg","width":1800,"height":1198,"aspectRatio":1.5025041736227045},"previewImageUrl":"\/sites\/i\/iil.no\/files\/269834670_4793020907422395_4352164145101913365_n.jpg?cropToFit=100x59&quality=50","imageVariants":[{"path":"\/sites\/i\/iil.no\/files\/269834670_4793020907422395_4352164145101913365_n.jpg?cropToFit=100x59&quality=75","width":100,"height":59,"aspectRatio":1.694915254237288},{"path":"\/sites\/i\/iil.no\/files\/269834670_4793020907422395_4352164145101913365_n.jpg?cropToFit=200x118&quality=75","width":200,"height":118,"aspectRatio":1.694915254237288},{"path":"\/sites\/i\/iil.no\/files\/269834670_4793020907422395_4352164145101913365_n.jpg?cropToFit=400x235&quality=75","width":400,"height":235,"aspectRatio":1.702127659574468},{"path":"\/sites\/i\/iil.no\/files\/269834670_4793020907422395_4352164145101913365_n.jpg?cropToFit=600x353&quality=75","width":600,"height":353,"aspectRatio":1.6997167138810199},{"path":"\/sites\/i\/iil.no\/files\/269834670_4793020907422395_4352164145101913365_n.jpg?cropToFit=800x471&quality=75","width":800,"height":471,"aspectRatio":1.6985138004246285},{"path":"\/sites\/i\/iil.no\/files\/269834670_4793020907422395_4352164145101913365_n.jpg?cropToFit=1000x588&quality=75","width":1000,"height":588,"aspectRatio":1.7006802721088434},{"path":"\/sites\/i\/iil.no\/files\/269834670_4793020907422395_4352164145101913365_n.jpg?cropToFit=1200x706&quality=75","width":1200,"height":706,"aspectRatio":1.6997167138810199}],"image":"\/sites\/i\/iil.no\/files\/269834670_4793020907422395_4352164145101913365_n.jpg","aspect":1.694915254237288,"type":"image","description":null},"additionalData":[]},{"classes":["outercol"],"isFavourite":false,"isExternalUrl":{"articleLink":false},"articleListButtonsData":{"buttonsList":[{"label":"Les mer","url":"\/FotballHerrer\/?Article=410","type":"readmore"}],"mode":"default"},"favouriteType":null,"mnu":null,"section":null,"displayId":true,"docId":410,"identifier":"410Article","docType":"Article","customDate":false,"teaserData":{"teaserText":"3.DIVISJON 2022","mode":"default"},"content":{"teaser":"3.DIVISJON 2022","intro":""},"titles":{"main":"Opprykk for A-laget!","readMoreButton":"Les mer"},"urls":{"readMore":"\/FotballHerrer\/?Article=410","booking":null},"created":{"date":"30.11.2021","time":"11:47","timestamp":1638269220},"introAllowHtml":false,"hasTicket":false,"extra":null,"hasReadMore":true,"media":{"imageData":{"path":"\/sites\/i\/iil.no\/files\/skjermbilde_2022-01-21_kl._07.50.36.png","width":1914,"height":816,"aspectRatio":2.3455882352941178},"previewImageUrl":"\/sites\/i\/iil.no\/files\/skjermbilde_2022-01-21_kl._07.50.36.png?cropToFit=100x59&quality=50","imageVariants":[{"path":"\/sites\/i\/iil.no\/files\/skjermbilde_2022-01-21_kl._07.50.36.png?cropToFit=100x59&quality=75","width":100,"height":59,"aspectRatio":1.694915254237288},{"path":"\/sites\/i\/iil.no\/files\/skjermbilde_2022-01-21_kl._07.50.36.png?cropToFit=200x118&quality=75","width":200,"height":118,"aspectRatio":1.694915254237288},{"path":"\/sites\/i\/iil.no\/files\/skjermbilde_2022-01-21_kl._07.50.36.png?cropToFit=400x235&quality=75","width":400,"height":235,"aspectRatio":1.702127659574468},{"path":"\/sites\/i\/iil.no\/files\/skjermbilde_2022-01-21_kl._07.50.36.png?cropToFit=600x353&quality=75","width":600,"height":353,"aspectRatio":1.6997167138810199},{"path":"\/sites\/i\/iil.no\/files\/skjermbilde_2022-01-21_kl._07.50.36.png?cropToFit=800x471&quality=75","width":800,"height":471,"aspectRatio":1.6985138004246285},{"path":"\/sites\/i\/iil.no\/files\/skjermbilde_2022-01-21_kl._07.50.36.png?cropToFit=1000x588&quality=75","width":1000,"height":588,"aspectRatio":1.7006802721088434},{"path":"\/sites\/i\/iil.no\/files\/skjermbilde_2022-01-21_kl._07.50.36.png?cropToFit=1200x706&quality=75","width":1200,"height":706,"aspectRatio":1.6997167138810199}],"image":"\/sites\/i\/iil.no\/files\/skjermbilde_2022-01-21_kl._07.50.36.png","aspect":1.694915254237288,"type":"image","description":null},"additionalData":[]},{"classes":["outercol"],"isFavourite":false,"isExternalUrl":{"articleLink":false},"articleListButtonsData":{"buttonsList":[{"label":"Les mer","url":"\/FotballHerrer\/?Article=375","type":"readmore"}],"mode":"default"},"favouriteType":null,"mnu":null,"section":null,"displayId":true,"docId":375,"identifier":"375Article","docType":"Article","customDate":false,"teaserData":{"teaserText":"TINE FOTBALLSKOLE 21 - 24 JUNI","mode":"default"},"content":{"teaser":"TINE FOTBALLSKOLE 21 - 24 JUNI","intro":"P\u00e5meldingen til Tine fotballskole 21 - 24 juni for barn 6-12 \u00e5r er n\u00e5 \u00e5pnet."},"titles":{"main":"P\u00c5MELDING TINE FOTBALLSKOLE","readMoreButton":"Les mer"},"urls":{"readMore":"\/FotballHerrer\/?Article=375","booking":null},"created":{"date":"14.04.2021","time":"07:11","timestamp":1618377060},"introAllowHtml":false,"hasTicket":false,"extra":null,"hasReadMore":true,"media":{"imageData":{"path":"\/sites\/i\/iil.no\/files\/tine_fotballskole_0.jpg","width":969,"height":600,"aspectRatio":1.615},"previewImageUrl":"\/sites\/i\/iil.no\/files\/tine_fotballskole_0.jpg?cropToFit=100x59&quality=50","imageVariants":[{"path":"\/sites\/i\/iil.no\/files\/tine_fotballskole_0.jpg?cropToFit=100x59&quality=75","width":100,"height":59,"aspectRatio":1.694915254237288},{"path":"\/sites\/i\/iil.no\/files\/tine_fotballskole_0.jpg?cropToFit=200x118&quality=75","width":200,"height":118,"aspectRatio":1.694915254237288},{"path":"\/sites\/i\/iil.no\/files\/tine_fotballskole_0.jpg?cropToFit=400x235&quality=75","width":400,"height":235,"aspectRatio":1.702127659574468},{"path":"\/sites\/i\/iil.no\/files\/tine_fotballskole_0.jpg?cropToFit=600x353&quality=75","width":600,"height":353,"aspectRatio":1.6997167138810199},{"path":"\/sites\/i\/iil.no\/files\/tine_fotballskole_0.jpg?cropToFit=800x471&quality=75","width":800,"height":471,"aspectRatio":1.6985138004246285},{"path":"\/sites\/i\/iil.no\/files\/tine_fotballskole_0.jpg?cropToFit=1000x588&quality=75","width":969,"height":570,"aspectRatio":1.7},{"path":"\/sites\/i\/iil.no\/files\/tine_fotballskole_0.jpg?cropToFit=1200x706&quality=75","width":969,"height":570,"aspectRatio":1.7}],"image":"\/sites\/i\/iil.no\/files\/tine_fotballskole_0.jpg","aspect":1.694915254237288,"type":"image","description":null},"additionalData":[]},{"classes":["outercol"],"isFavourite":false,"isExternalUrl":{"articleLink":false},"articleListButtonsData":{"buttonsList":[{"label":"Les mer","url":"\/FotballHerrer\/?Article=364","type":"readmore"}],"mode":"default"},"favouriteType":null,"mnu":null,"section":null,"displayId":true,"docId":364,"identifier":"364Article","docType":"Article","customDate":false,"teaserData":{"teaserText":" nierbane i M\u00f8rkvedbukta","mode":"default"},"content":{"teaser":" nierbane i M\u00f8rkvedbukta","intro":"Med Innstranda idrettslag som vertsklubb. Vi takker ydmykt for oppdraget ...."},"titles":{"main":"NY FOTBALLBANE \u00c5PNER I \u00c5R \ud83d\ude42","readMoreButton":"Les mer"},"urls":{"readMore":"\/FotballHerrer\/?Article=364","booking":null},"created":{"date":"02.03.2021","time":"14:58","timestamp":1614693480},"introAllowHtml":false,"hasTicket":false,"extra":null,"hasReadMore":true,"media":{"imageData":{"path":"\/sites\/i\/iil.no\/files\/155973187_1133015150471992_1586581866851578085_n.jpg","width":616,"height":381,"aspectRatio":1.6167979002624673},"previewImageUrl":"\/sites\/i\/iil.no\/files\/155973187_1133015150471992_1586581866851578085_n.jpg?cropToFit=100x59&quality=50","imageVariants":[{"path":"\/sites\/i\/iil.no\/files\/155973187_1133015150471992_1586581866851578085_n.jpg?cropToFit=100x59&quality=75","width":100,"height":59,"aspectRatio":1.694915254237288},{"path":"\/sites\/i\/iil.no\/files\/155973187_1133015150471992_1586581866851578085_n.jpg?cropToFit=200x118&quality=75","width":200,"height":118,"aspectRatio":1.694915254237288},{"path":"\/sites\/i\/iil.no\/files\/155973187_1133015150471992_1586581866851578085_n.jpg?cropToFit=400x235&quality=75","width":400,"height":235,"aspectRatio":1.702127659574468},{"path":"\/sites\/i\/iil.no\/files\/155973187_1133015150471992_1586581866851578085_n.jpg?cropToFit=600x353&quality=75","width":600,"height":353,"aspectRatio":1.6997167138810199},{"path":"\/sites\/i\/iil.no\/files\/155973187_1133015150471992_1586581866851578085_n.jpg?cropToFit=800x471&quality=75","width":616,"height":363,"aspectRatio":1.696969696969697},{"path":"\/sites\/i\/iil.no\/files\/155973187_1133015150471992_1586581866851578085_n.jpg?cropToFit=1000x588&quality=75","width":616,"height":362,"aspectRatio":1.701657458563536},{"path":"\/sites\/i\/iil.no\/files\/155973187_1133015150471992_1586581866851578085_n.jpg?cropToFit=1200x706&quality=75","width":616,"height":362,"aspectRatio":1.701657458563536}],"image":"\/sites\/i\/iil.no\/files\/155973187_1133015150471992_1586581866851578085_n.jpg","aspect":1.694915254237288,"type":"image","description":null},"additionalData":[]},{"classes":["outercol"],"isFavourite":false,"isExternalUrl":{"articleLink":false},"articleListButtonsData":{"buttonsList":[],"mode":"default"},"favouriteType":null,"mnu":null,"section":null,"displayId":true,"docId":341,"identifier":"341Article","docType":"Article","customDate":false,"teaserData":{"teaserText":"NYE TRENERE","mode":"default"},"content":{"teaser":"NYE TRENERE","intro":"Aram Khalili blir ny spillende trener. \u00d8yvind Helbostad og Sture Karlsen blir assistentrenere"},"titles":{"main":"NYE TRENERE FOR A-LAGET I FOTBALL SESONGEN 2021","readMoreButton":""},"urls":{"readMore":null,"booking":null},"created":{"date":"12.12.2020","time":"06:39","timestamp":1607751540},"introAllowHtml":false,"hasTicket":false,"extra":null,"hasReadMore":false,"media":{"imageData":{"path":"\/sites\/i\/iil.no\/files\/131039495_3672653642792466_1673997430758050096_o.jpg","width":925,"height":1800,"aspectRatio":0.5138888888888888},"previewImageUrl":"\/sites\/i\/iil.no\/files\/131039495_3672653642792466_1673997430758050096_o.jpg?cropToFit=100x59&quality=50","imageVariants":[{"path":"\/sites\/i\/iil.no\/files\/131039495_3672653642792466_1673997430758050096_o.jpg?cropToFit=100x59&quality=75","width":100,"height":59,"aspectRatio":1.694915254237288},{"path":"\/sites\/i\/iil.no\/files\/131039495_3672653642792466_1673997430758050096_o.jpg?cropToFit=200x118&quality=75","width":200,"height":118,"aspectRatio":1.694915254237288},{"path":"\/sites\/i\/iil.no\/files\/131039495_3672653642792466_1673997430758050096_o.jpg?cropToFit=400x235&quality=75","width":400,"height":235,"aspectRatio":1.702127659574468},{"path":"\/sites\/i\/iil.no\/files\/131039495_3672653642792466_1673997430758050096_o.jpg?cropToFit=600x353&quality=75","width":600,"height":353,"aspectRatio":1.6997167138810199},{"path":"\/sites\/i\/iil.no\/files\/131039495_3672653642792466_1673997430758050096_o.jpg?cropToFit=800x471&quality=75","width":800,"height":471,"aspectRatio":1.6985138004246285},{"path":"\/sites\/i\/iil.no\/files\/131039495_3672653642792466_1673997430758050096_o.jpg?cropToFit=1000x588&quality=75","width":925,"height":544,"aspectRatio":1.7003676470588236},{"path":"\/sites\/i\/iil.no\/files\/131039495_3672653642792466_1673997430758050096_o.jpg?cropToFit=1200x706&quality=75","width":925,"height":544,"aspectRatio":1.7003676470588236}],"image":"\/sites\/i\/iil.no\/files\/131039495_3672653642792466_1673997430758050096_o.jpg","aspect":1.694915254237288,"type":"image","description":null},"additionalData":[]},{"classes":["outercol"],"isFavourite":false,"isExternalUrl":{"articleLink":false},"articleListButtonsData":{"buttonsList":[{"label":"Les mer","url":"\/FotballHerrer\/?Article=294","type":"readmore"}],"mode":"default"},"favouriteType":null,"mnu":null,"section":null,"displayId":true,"docId":294,"identifier":"294Article","docType":"Article","customDate":false,"teaserData":{"teaserText":"\u00c5RSM\u00d8TE INNSTRANDA FOTBALL","mode":"default"},"content":{"teaser":"\u00c5RSM\u00d8TE INNSTRANDA FOTBALL","intro":"KANTINA  (M\u00d8RKVEDHALLEN)  21. september 2020 -  Kl.19.00.\r\nVELKOMMEN"},"titles":{"main":"\u00c5RSM\u00d8TE FOR FOTBALLGRUPPEN 21 SEPTEMBER KL 19","readMoreButton":"Les mer"},"urls":{"readMore":"\/FotballHerrer\/?Article=294","booking":null},"created":{"date":"11.09.2020","time":"07:49","timestamp":1599803340},"introAllowHtml":false,"hasTicket":false,"extra":null,"hasReadMore":true,"media":{"imageData":{"path":"\/sites\/i\/iil.no\/files\/images_2.jpg","width":346,"height":146,"aspectRatio":2.3698630136986303},"previewImageUrl":"\/sites\/i\/iil.no\/files\/images_2.jpg?cropToFit=100x59&quality=50","imageVariants":[{"path":"\/sites\/i\/iil.no\/files\/images_2.jpg?cropToFit=100x59&quality=75","width":100,"height":59,"aspectRatio":1.694915254237288},{"path":"\/sites\/i\/iil.no\/files\/images_2.jpg?cropToFit=200x118&quality=75","width":200,"height":118,"aspectRatio":1.694915254237288},{"path":"\/sites\/i\/iil.no\/files\/images_2.jpg?cropToFit=400x235&quality=75","width":249,"height":146,"aspectRatio":1.7054794520547945},{"path":"\/sites\/i\/iil.no\/files\/images_2.jpg?cropToFit=600x353&quality=75","width":248,"height":146,"aspectRatio":1.6986301369863013},{"path":"\/sites\/i\/iil.no\/files\/images_2.jpg?cropToFit=800x471&quality=75","width":248,"height":146,"aspectRatio":1.6986301369863013},{"path":"\/sites\/i\/iil.no\/files\/images_2.jpg?cropToFit=1000x588&quality=75","width":248,"height":146,"aspectRatio":1.6986301369863013},{"path":"\/sites\/i\/iil.no\/files\/images_2.jpg?cropToFit=1200x706&quality=75","width":248,"height":146,"aspectRatio":1.6986301369863013}],"image":"\/sites\/i\/iil.no\/files\/images_2.jpg","aspect":1.694915254237288,"type":"image","description":null},"additionalData":[]},{"classes":["outercol"],"isFavourite":false,"isExternalUrl":{"articleLink":false},"articleListButtonsData":{"buttonsList":[],"mode":"default"},"favouriteType":null,"mnu":null,"section":null,"displayId":true,"docId":188,"identifier":"188Article","docType":"Article","customDate":false,"teaserData":{"teaserText":"","mode":"default"},"content":{"teaser":"","intro":"M\u00f8t opp og st\u00f8tt Innstranda Herrer...."},"titles":{"main":"\u00c5rets 1. seriekamp mot Fauske Sprint","readMoreButton":""},"urls":{"readMore":null,"booking":null},"created":{"date":"24.04.2019","time":"09:51","timestamp":1556092260},"introAllowHtml":false,"hasTicket":false,"extra":null,"hasReadMore":false,"media":{"imageData":{"path":"\/sites\/i\/iil.no\/files\/57652689_2303235466400964_5580356290779021312_n.jpg","width":960,"height":938,"aspectRatio":1.023454157782516},"previewImageUrl":"\/sites\/i\/iil.no\/files\/57652689_2303235466400964_5580356290779021312_n.jpg?cropToFit=100x59&quality=50","imageVariants":[{"path":"\/sites\/i\/iil.no\/files\/57652689_2303235466400964_5580356290779021312_n.jpg?cropToFit=100x59&quality=75","width":100,"height":59,"aspectRatio":1.694915254237288},{"path":"\/sites\/i\/iil.no\/files\/57652689_2303235466400964_5580356290779021312_n.jpg?cropToFit=200x118&quality=75","width":200,"height":118,"aspectRatio":1.694915254237288},{"path":"\/sites\/i\/iil.no\/files\/57652689_2303235466400964_5580356290779021312_n.jpg?cropToFit=400x235&quality=75","width":400,"height":235,"aspectRatio":1.702127659574468},{"path":"\/sites\/i\/iil.no\/files\/57652689_2303235466400964_5580356290779021312_n.jpg?cropToFit=600x353&quality=75","width":600,"height":353,"aspectRatio":1.6997167138810199},{"path":"\/sites\/i\/iil.no\/files\/57652689_2303235466400964_5580356290779021312_n.jpg?cropToFit=800x471&quality=75","width":800,"height":471,"aspectRatio":1.6985138004246285},{"path":"\/sites\/i\/iil.no\/files\/57652689_2303235466400964_5580356290779021312_n.jpg?cropToFit=1000x588&quality=75","width":960,"height":564,"aspectRatio":1.702127659574468},{"path":"\/sites\/i\/iil.no\/files\/57652689_2303235466400964_5580356290779021312_n.jpg?cropToFit=1200x706&quality=75","width":960,"height":565,"aspectRatio":1.6991150442477876}],"image":"\/sites\/i\/iil.no\/files\/57652689_2303235466400964_5580356290779021312_n.jpg","aspect":1.694915254237288,"type":"image","description":null},"additionalData":[]},{"classes":["outercol"],"isFavourite":false,"isExternalUrl":{"articleLink":false},"articleListButtonsData":{"buttonsList":[{"label":"Les mer","url":"\/FotballHerrer\/?Article=164","type":"readmore"}],"mode":"default"},"favouriteType":null,"mnu":null,"section":null,"displayId":true,"docId":164,"identifier":"164Article","docType":"Article","customDate":false,"teaserData":{"teaserText":"","mode":"default"},"content":{"teaser":"","intro":""},"titles":{"main":"Rekrutteringsansvarlige i IIL Fotball; Kenneth Ramstad","readMoreButton":"Les mer"},"urls":{"readMore":"\/FotballHerrer\/?Article=164","booking":null},"created":{"date":"23.01.2019","time":"15:44","timestamp":1548254640},"introAllowHtml":false,"hasTicket":false,"extra":null,"hasReadMore":true,"media":{"imageData":{"path":"\/sites\/i\/iil.no\/files\/50797021_589982561441923_6491379409004527616_o1.jpg","width":1207,"height":855,"aspectRatio":1.4116959064327486},"previewImageUrl":"\/sites\/i\/iil.no\/files\/50797021_589982561441923_6491379409004527616_o1.jpg?cropToFit=100x59&quality=50","imageVariants":[{"path":"\/sites\/i\/iil.no\/files\/50797021_589982561441923_6491379409004527616_o1.jpg?cropToFit=100x59&quality=75","width":100,"height":59,"aspectRatio":1.694915254237288},{"path":"\/sites\/i\/iil.no\/files\/50797021_589982561441923_6491379409004527616_o1.jpg?cropToFit=200x118&quality=75","width":200,"height":118,"aspectRatio":1.694915254237288},{"path":"\/sites\/i\/iil.no\/files\/50797021_589982561441923_6491379409004527616_o1.jpg?cropToFit=400x235&quality=75","width":400,"height":235,"aspectRatio":1.702127659574468},{"path":"\/sites\/i\/iil.no\/files\/50797021_589982561441923_6491379409004527616_o1.jpg?cropToFit=600x353&quality=75","width":600,"height":353,"aspectRatio":1.6997167138810199},{"path":"\/sites\/i\/iil.no\/files\/50797021_589982561441923_6491379409004527616_o1.jpg?cropToFit=800x471&quality=75","width":800,"height":471,"aspectRatio":1.6985138004246285},{"path":"\/sites\/i\/iil.no\/files\/50797021_589982561441923_6491379409004527616_o1.jpg?cropToFit=1000x588&quality=75","width":1000,"height":588,"aspectRatio":1.7006802721088434},{"path":"\/sites\/i\/iil.no\/files\/50797021_589982561441923_6491379409004527616_o1.jpg?cropToFit=1200x706&quality=75","width":1200,"height":706,"aspectRatio":1.6997167138810199}],"image":"\/sites\/i\/iil.no\/files\/50797021_589982561441923_6491379409004527616_o1.jpg","aspect":1.694915254237288,"type":"image","description":null},"additionalData":[]},{"classes":["outercol"],"isFavourite":false,"isExternalUrl":{"articleLink":false},"articleListButtonsData":{"buttonsList":[{"label":"Les mer","url":"\/FotballHerrer\/?Article=113","type":"readmore"}],"mode":"default"},"favouriteType":null,"mnu":null,"section":null,"displayId":true,"docId":113,"identifier":"113Article","docType":"Article","customDate":false,"teaserData":{"teaserText":"Seriemester i G19 og Kretsmester i 5.divisjon","mode":"default"},"content":{"teaser":"Seriemester i G19 og Kretsmester i 5.divisjon","intro":"Takk for sesongen! En ekstra takk til v\u00e5re samarbeidspartnere!"},"titles":{"main":"Seriemester i G19 og Kretsmester i 5.divisjon","readMoreButton":"Les mer"},"urls":{"readMore":"\/FotballHerrer\/?Article=113","booking":null},"created":{"date":"09.10.2018","time":"11:26","timestamp":1539077160},"introAllowHtml":false,"hasTicket":false,"extra":null,"hasReadMore":true,"media":{"imageData":{"path":"\/sites\/i\/iil.no\/files\/ingressbilde_iil_junior_og_senior.jpg","width":598,"height":278,"aspectRatio":2.1510791366906474},"previewImageUrl":"\/sites\/i\/iil.no\/files\/ingressbilde_iil_junior_og_senior.jpg?cropToFit=100x59&quality=50","imageVariants":[{"path":"\/sites\/i\/iil.no\/files\/ingressbilde_iil_junior_og_senior.jpg?cropToFit=100x59&quality=75","width":100,"height":59,"aspectRatio":1.694915254237288},{"path":"\/sites\/i\/iil.no\/files\/ingressbilde_iil_junior_og_senior.jpg?cropToFit=200x118&quality=75","width":200,"height":118,"aspectRatio":1.694915254237288},{"path":"\/sites\/i\/iil.no\/files\/ingressbilde_iil_junior_og_senior.jpg?cropToFit=400x235&quality=75","width":400,"height":235,"aspectRatio":1.702127659574468},{"path":"\/sites\/i\/iil.no\/files\/ingressbilde_iil_junior_og_senior.jpg?cropToFit=600x353&quality=75","width":473,"height":278,"aspectRatio":1.7014388489208634},{"path":"\/sites\/i\/iil.no\/files\/ingressbilde_iil_junior_og_senior.jpg?cropToFit=800x471&quality=75","width":472,"height":278,"aspectRatio":1.6978417266187051},{"path":"\/sites\/i\/iil.no\/files\/ingressbilde_iil_junior_og_senior.jpg?cropToFit=1000x588&quality=75","width":473,"height":278,"aspectRatio":1.7014388489208634},{"path":"\/sites\/i\/iil.no\/files\/ingressbilde_iil_junior_og_senior.jpg?cropToFit=1200x706&quality=75","width":473,"height":278,"aspectRatio":1.7014388489208634}],"image":"\/sites\/i\/iil.no\/files\/ingressbilde_iil_junior_og_senior.jpg","aspect":1.694915254237288,"type":"image","description":null},"additionalData":[]},{"classes":["outercol"],"isFavourite":false,"isExternalUrl":{"articleLink":false},"articleListButtonsData":{"buttonsList":[{"label":"Les mer","url":"\/FotballHerrer\/?Article=67","type":"readmore"}],"mode":"default"},"favouriteType":null,"mnu":null,"section":null,"displayId":true,"docId":67,"identifier":"67Article","docType":"Article","customDate":false,"teaserData":{"teaserText":"Fotball","mode":"default"},"content":{"teaser":"Fotball","intro":"Laget til fotball herrer"},"titles":{"main":"Fotball Herrer","readMoreButton":"Les mer"},"urls":{"readMore":"\/FotballHerrer\/?Article=67","booking":null},"created":{"date":"06.05.2018","time":"20:31","timestamp":1525631460},"introAllowHtml":false,"hasTicket":false,"extra":null,"hasReadMore":true,"media":{"imageData":{"path":"\/sites\/i\/iil.no\/files\/16711734_1346708248720362_6115364242270109875_n.jpg","width":960,"height":640,"aspectRatio":1.5},"previewImageUrl":"\/sites\/i\/iil.no\/files\/16711734_1346708248720362_6115364242270109875_n.jpg?cropToFit=100x59&quality=50","imageVariants":[{"path":"\/sites\/i\/iil.no\/files\/16711734_1346708248720362_6115364242270109875_n.jpg?cropToFit=100x59&quality=75","width":100,"height":59,"aspectRatio":1.694915254237288},{"path":"\/sites\/i\/iil.no\/files\/16711734_1346708248720362_6115364242270109875_n.jpg?cropToFit=200x118&quality=75","width":200,"height":118,"aspectRatio":1.694915254237288},{"path":"\/sites\/i\/iil.no\/files\/16711734_1346708248720362_6115364242270109875_n.jpg?cropToFit=400x235&quality=75","width":400,"height":235,"aspectRatio":1.702127659574468},{"path":"\/sites\/i\/iil.no\/files\/16711734_1346708248720362_6115364242270109875_n.jpg?cropToFit=600x353&quality=75","width":600,"height":353,"aspectRatio":1.6997167138810199},{"path":"\/sites\/i\/iil.no\/files\/16711734_1346708248720362_6115364242270109875_n.jpg?cropToFit=800x471&quality=75","width":800,"height":471,"aspectRatio":1.6985138004246285},{"path":"\/sites\/i\/iil.no\/files\/16711734_1346708248720362_6115364242270109875_n.jpg?cropToFit=1000x588&quality=75","width":960,"height":564,"aspectRatio":1.702127659574468},{"path":"\/sites\/i\/iil.no\/files\/16711734_1346708248720362_6115364242270109875_n.jpg?cropToFit=1200x706&quality=75","width":960,"height":565,"aspectRatio":1.6991150442477876}],"image":"\/sites\/i\/iil.no\/files\/16711734_1346708248720362_6115364242270109875_n.jpg","aspect":1.694915254237288,"type":"image","description":null},"additionalData":[]}],"pages":[1],"currentPage":1,"sections":[]}